{"id":14561,"date":"2015-10-20T10:13:09","date_gmt":"2015-10-20T09:13:09","guid":{"rendered":"http:\/\/fortdeleveau.fr\/future-events\/"},"modified":"2022-05-12T10:07:39","modified_gmt":"2022-05-12T09:07:39","slug":"future-events","status":"publish","type":"page","link":"http:\/\/fortdeleveau.fr\/en\/future-events\/","title":{"rendered":"Future Events"},"content":{"rendered":"<p>[vc_row row_type=&#8221;parallax&#8221; type=&#8221;grid&#8221; text_align=&#8221;left&#8221; background_image=&#8221;11832&#8243; full_screen_section_height=&#8221;no&#8221;][vc_column][vc_separator type=&#8221;transparent&#8221; up=&#8221;20&#8243; up_style=&#8221;px&#8221; down_style=&#8221;px&#8221;][vc_column_text]<img loading=\"lazy\" class=\"aligncenter size-full wp-image-11802\" src=\"http:\/\/fortdeleveau.fr\/wp-content\/uploads\/2015\/10\/event_a_venir_dark.png\" alt=\"event_a_venir\" width=\"657\" height=\"120\" \/>[\/vc_column_text][vc_row_inner row_type=&#8221;row&#8221; type=&#8221;full_width&#8221; use_row_as_full_screen_section_slide=&#8221;no&#8221; text_align=&#8221;left&#8221; css_animation=&#8221;&#8221; box_shadow_on_row=&#8221;no&#8221;][vc_column_inner width=&#8221;1\/6&#8243;][\/vc_column_inner][vc_column_inner width=&#8221;2\/3&#8243;][vc_separator type=&#8221;normal&#8221; color=&#8221;#242424&#8243; border_style=&#8221;solid&#8221; thickness=&#8221;2&#8243; up=&#8221;0&#8243; up_style=&#8221;px&#8221; down=&#8221;10&#8243; down_style=&#8221;px&#8221;][vc_column_text]<div id='evcal_calendar_1' class='ajde_evcal_calendar  ul' >\r\n\t\t\t\t<div class='evo-data' data-cyear=\"2026\" data-cmonth=\"5\" data-runajax=\"1\" data-evc_open=\"0\" data-cal_ver=\"2.3.10\" data-mapscroll=\"true\" data-mapformat=\"roadmap\" data-mapzoom=\"18\" data-ev_cnt=\"12\" data-show_limit=\"no\" data-tiles=\"no\" data-sort_by=\"sort_date\" data-filters_on=\"false\" data-range_start=\"0\" data-range_end=\"0\" data-send_unix=\"0\" data-ux_val=\"1\" data-accord=\"1\"  ><\/div><div id='evcal_head' class='calendar_header evcal_nosort' ><div class='cal_arguments' style='display:none' data-hide_past=\"yes\" data-show_et_ft_img=\"no\" data-event_order=\"ASC\" data-ft_event_priority=\"no\" data-lang=\"L1\" data-month_incre=\"0\" data-only_ft=\"no\" data-evc_open=\"no\" data-show_limit=\"no\" data-etc_override=\"no\" data-tiles=\"no\" data-tile_height=\"0\" data-tile_bg=\"0\" data-tile_count=\"2\" data-tile_style=\"0\" data-s=\"\" ><\/div><div class='clear'><\/div><\/div><div class='evcal_month_line'><p>mai 2026<\/p><\/div><div id='evcal_list' class='eventon_events_list'><div id=\"event_15513\" class=\"eventon_list_event event\" data-event_id=\"15513\" data-colr=\"#206177\" itemscope itemtype='http:\/\/schema.org\/Event'><div class=\"evo_event_schema\" style=\"display:none\" >\r\n\t\t\t\t\t\t\t<a href=\"http:\/\/fortdeleveau.fr\/en\/events\/ouverture-dimanche-24-mai-2026\/\" itemprop=\"url\"><\/a>\t\t\t\t\r\n\t\t\t\t\t\t\t<time itemprop=\"startDate\" datetime=\"2026-5-24\"><\/time>\r\n\t\t\t\t\t\t\t<time itemprop=\"endDate\" datetime=\"2026-5-24\"><\/time><\/div>\r\n\t\t\t\t<a data-gmap_status=\"null\" data-gmtrig=\"1\" data-exlk=\"0\" style=\"border-color: #206177;\" id=\"evc_177963300015513\" class=\"desc_trig sin_val evcal_list_a\" data-ux_val=\"1\" ><span class='evcal_cblock' data-bgcolor='#206177' data-smon='mai' data-syr='2026'><em class='evo_date' ><span class=\"start\">24<em>mai<\/em><\/span><\/em><em class='evo_time'><span class='start'>14 h 30 min<\/span><span class='end'>- 18 h 00 min<\/span><\/em><em class='clear'><\/em><\/span><span class='evcal_desc evo_info '  data-location_status=\"false\" ><span class='evcal_desc2 evcal_event_title' itemprop='name'>Ouverture dimanche 24 mai 2026<\/span><span class='evcal_desc_info' ><\/span><span class='evcal_desc3'><\/span><\/span><em class='clear'><\/em><\/a><div class='event_description evcal_eventcard ' style=\"display:none\"><div class='evo_metarow_details evorow evcal_evdata_row bordb evcal_event_details'>\r\n\t\t\t\t\t\t\t<div class=\"event_excerpt\" style=\"display:none\"><h3 class=\"padb5 evo_h3\">D\u00e9tail de l&#039;\u00e9venement<\/h3><p><\/p><\/div>\r\n\t\t\t\t\t\t\t<span class='evcal_evdata_icons'><i class='fa fa-align-justify'><\/i><\/span>\r\n\t\t\t\t\t\t\t<div class='evcal_evdata_cell '><div class='eventon_full_description'>\r\n\t\t\t\t\t\t\t\t\t<h3 class='padb5 evo_h3'>D\u00e9tail de l&#039;\u00e9venement<\/h3><div class='eventon_desc_in' itemprop='description'>\r\n\t\t\t\t\t\t\t\t\t<p>Ce dimanche, le fort sera ouvert de 14h30 \u00e0 18h.<\/p>\n<p>&nbsp;<\/p>\n<p><a href=\"http:\/\/fortdeleveau.fr\/wp-content\/uploads\/2025\/04\/487205274_1269599891672798_2010602352851269736_n.jpg\"><img loading=\"lazy\" class=\"alignnone size-large wp-image-15378\" src=\"http:\/\/fortdeleveau.fr\/wp-content\/uploads\/2025\/04\/487205274_1269599891672798_2010602352851269736_n-1024x858.jpg\" alt=\"\" width=\"1024\" height=\"858\" srcset=\"http:\/\/fortdeleveau.fr\/wp-content\/uploads\/2025\/04\/487205274_1269599891672798_2010602352851269736_n-1024x858.jpg 1024w, http:\/\/fortdeleveau.fr\/wp-content\/uploads\/2025\/04\/487205274_1269599891672798_2010602352851269736_n-300x252.jpg 300w, http:\/\/fortdeleveau.fr\/wp-content\/uploads\/2025\/04\/487205274_1269599891672798_2010602352851269736_n-768x644.jpg 768w, http:\/\/fortdeleveau.fr\/wp-content\/uploads\/2025\/04\/487205274_1269599891672798_2010602352851269736_n-1536x1288.jpg 1536w, http:\/\/fortdeleveau.fr\/wp-content\/uploads\/2025\/04\/487205274_1269599891672798_2010602352851269736_n-700x587.jpg 700w, http:\/\/fortdeleveau.fr\/wp-content\/uploads\/2025\/04\/487205274_1269599891672798_2010602352851269736_n.jpg 1763w\" sizes=\"(max-width: 1024px) 100vw, 1024px\" \/><\/a><\/p>\n <\/div><div class='clear'><\/div>\r\n\r\n\t\t\t\t\t\t\t\t<\/div>\r\n\t\t\t\t\t\t\t<\/div>\r\n\t\t\t\t\t\t<\/div><div class='evo_metarow_time evorow evcal_evdata_row bordb evcal_evrow_sm  lastrow'>\r\n\t\t\t\t\t\t\t<span class='evcal_evdata_icons'><i class='fa fa-clock-o'><\/i><\/span>\r\n\t\t\t\t\t\t\t<div class='evcal_evdata_cell'>\t\t\t\t\t\t\t\r\n\t\t\t\t\t\t\t\t<h3 class='evo_h3'>Horaire<\/h3><p>(Dimanche) 14 h 30 min - 18 h 00 min<\/p>\r\n\t\t\t\t\t\t\t<\/div>\r\n\t\t\t\t\t\t<div class='evcal_evdata_row evcal_close' title=' Fermer bouton \u00e9v\u00e9nement'><\/div><\/div><\/div><div class='clear end'><\/div><\/div><div id=\"event_15514\" class=\"eventon_list_event event\" data-event_id=\"15514\" data-colr=\"#206177\" itemscope itemtype='http:\/\/schema.org\/Event'><div class=\"evo_event_schema\" style=\"display:none\" >\r\n\t\t\t\t\t\t\t<a href=\"http:\/\/fortdeleveau.fr\/en\/events\/ouverture-dimanche-31-mai-2026\/\" itemprop=\"url\"><\/a>\t\t\t\t\r\n\t\t\t\t\t\t\t<time itemprop=\"startDate\" datetime=\"2026-5-31\"><\/time>\r\n\t\t\t\t\t\t\t<time itemprop=\"endDate\" datetime=\"2026-5-31\"><\/time><\/div>\r\n\t\t\t\t<a data-gmap_status=\"null\" data-gmtrig=\"1\" data-exlk=\"0\" style=\"border-color: #206177;\" id=\"evc_178023780015514\" class=\"desc_trig sin_val evcal_list_a\" data-ux_val=\"1\" ><span class='evcal_cblock' data-bgcolor='#206177' data-smon='mai' data-syr='2026'><em class='evo_date' ><span class=\"start\">31<em>mai<\/em><\/span><\/em><em class='evo_time'><span class='start'>14 h 30 min<\/span><span class='end'>- 18 h 00 min<\/span><\/em><em class='clear'><\/em><\/span><span class='evcal_desc evo_info '  data-location_status=\"false\" ><span class='evcal_desc2 evcal_event_title' itemprop='name'>Ouverture dimanche 31 mai 2026<\/span><span class='evcal_desc_info' ><\/span><span class='evcal_desc3'><\/span><\/span><em class='clear'><\/em><\/a><div class='event_description evcal_eventcard ' style=\"display:none\"><div class='evo_metarow_details evorow evcal_evdata_row bordb evcal_event_details'>\r\n\t\t\t\t\t\t\t<div class=\"event_excerpt\" style=\"display:none\"><h3 class=\"padb5 evo_h3\">D\u00e9tail de l&#039;\u00e9venement<\/h3><p><\/p><\/div>\r\n\t\t\t\t\t\t\t<span class='evcal_evdata_icons'><i class='fa fa-align-justify'><\/i><\/span>\r\n\t\t\t\t\t\t\t<div class='evcal_evdata_cell '><div class='eventon_full_description'>\r\n\t\t\t\t\t\t\t\t\t<h3 class='padb5 evo_h3'>D\u00e9tail de l&#039;\u00e9venement<\/h3><div class='eventon_desc_in' itemprop='description'>\r\n\t\t\t\t\t\t\t\t\t<p>Ce dimanche, le fort sera ouvert de 14h30 \u00e0 18h.<\/p>\n<p>&nbsp;<\/p>\n<p><a href=\"http:\/\/fortdeleveau.fr\/wp-content\/uploads\/2025\/04\/487205274_1269599891672798_2010602352851269736_n.jpg\"><img loading=\"lazy\" class=\"alignnone size-large wp-image-15378\" src=\"http:\/\/fortdeleveau.fr\/wp-content\/uploads\/2025\/04\/487205274_1269599891672798_2010602352851269736_n-1024x858.jpg\" alt=\"\" width=\"1024\" height=\"858\" srcset=\"http:\/\/fortdeleveau.fr\/wp-content\/uploads\/2025\/04\/487205274_1269599891672798_2010602352851269736_n-1024x858.jpg 1024w, http:\/\/fortdeleveau.fr\/wp-content\/uploads\/2025\/04\/487205274_1269599891672798_2010602352851269736_n-300x252.jpg 300w, http:\/\/fortdeleveau.fr\/wp-content\/uploads\/2025\/04\/487205274_1269599891672798_2010602352851269736_n-768x644.jpg 768w, http:\/\/fortdeleveau.fr\/wp-content\/uploads\/2025\/04\/487205274_1269599891672798_2010602352851269736_n-1536x1288.jpg 1536w, http:\/\/fortdeleveau.fr\/wp-content\/uploads\/2025\/04\/487205274_1269599891672798_2010602352851269736_n-700x587.jpg 700w, http:\/\/fortdeleveau.fr\/wp-content\/uploads\/2025\/04\/487205274_1269599891672798_2010602352851269736_n.jpg 1763w\" sizes=\"(max-width: 1024px) 100vw, 1024px\" \/><\/a><\/p>\n <\/div><div class='clear'><\/div>\r\n\r\n\t\t\t\t\t\t\t\t<\/div>\r\n\t\t\t\t\t\t\t<\/div>\r\n\t\t\t\t\t\t<\/div><div class='evo_metarow_time evorow evcal_evdata_row bordb evcal_evrow_sm  lastrow'>\r\n\t\t\t\t\t\t\t<span class='evcal_evdata_icons'><i class='fa fa-clock-o'><\/i><\/span>\r\n\t\t\t\t\t\t\t<div class='evcal_evdata_cell'>\t\t\t\t\t\t\t\r\n\t\t\t\t\t\t\t\t<h3 class='evo_h3'>Horaire<\/h3><p>(Dimanche) 14 h 30 min - 18 h 00 min<\/p>\r\n\t\t\t\t\t\t\t<\/div>\r\n\t\t\t\t\t\t<div class='evcal_evdata_row evcal_close' title=' Fermer bouton \u00e9v\u00e9nement'><\/div><\/div><\/div><div class='clear end'><\/div><\/div><\/div><div class='evcal_month_line'><p>juin 2026<\/p><\/div><div id='evcal_list' class='eventon_events_list'><div id=\"event_15515\" class=\"eventon_list_event event\" data-event_id=\"15515\" data-colr=\"#206177\" itemscope itemtype='http:\/\/schema.org\/Event'><div class=\"evo_event_schema\" style=\"display:none\" >\r\n\t\t\t\t\t\t\t<a href=\"http:\/\/fortdeleveau.fr\/en\/events\/ouverture-dimanche-21-juin-2026\/\" itemprop=\"url\"><\/a>\t\t\t\t\r\n\t\t\t\t\t\t\t<time itemprop=\"startDate\" datetime=\"2026-6-21\"><\/time>\r\n\t\t\t\t\t\t\t<time itemprop=\"endDate\" datetime=\"2026-6-21\"><\/time><\/div>\r\n\t\t\t\t<a data-gmap_status=\"null\" data-gmtrig=\"1\" data-exlk=\"0\" style=\"border-color: #206177;\" id=\"evc_178205220015515\" class=\"desc_trig sin_val evcal_list_a\" data-ux_val=\"1\" ><span class='evcal_cblock' data-bgcolor='#206177' data-smon='juin' data-syr='2026'><em class='evo_date' ><span class=\"start\">21<em>juin<\/em><\/span><\/em><em class='evo_time'><span class='start'>14 h 30 min<\/span><span class='end'>- 18 h 00 min<\/span><\/em><em class='clear'><\/em><\/span><span class='evcal_desc evo_info '  data-location_status=\"false\" ><span class='evcal_desc2 evcal_event_title' itemprop='name'>Ouverture dimanche 21 juin 2026<\/span><span class='evcal_desc_info' ><\/span><span class='evcal_desc3'><\/span><\/span><em class='clear'><\/em><\/a><div class='event_description evcal_eventcard ' style=\"display:none\"><div class='evo_metarow_details evorow evcal_evdata_row bordb evcal_event_details'>\r\n\t\t\t\t\t\t\t<div class=\"event_excerpt\" style=\"display:none\"><h3 class=\"padb5 evo_h3\">D\u00e9tail de l&#039;\u00e9venement<\/h3><p><\/p><\/div>\r\n\t\t\t\t\t\t\t<span class='evcal_evdata_icons'><i class='fa fa-align-justify'><\/i><\/span>\r\n\t\t\t\t\t\t\t<div class='evcal_evdata_cell '><div class='eventon_full_description'>\r\n\t\t\t\t\t\t\t\t\t<h3 class='padb5 evo_h3'>D\u00e9tail de l&#039;\u00e9venement<\/h3><div class='eventon_desc_in' itemprop='description'>\r\n\t\t\t\t\t\t\t\t\t<p>Ce dimanche, le fort sera ouvert de 14h30 \u00e0 18h.<\/p>\n<p>&nbsp;<\/p>\n<p><a href=\"http:\/\/fortdeleveau.fr\/wp-content\/uploads\/2025\/04\/487205274_1269599891672798_2010602352851269736_n.jpg\"><img loading=\"lazy\" class=\"alignnone size-large wp-image-15378\" src=\"http:\/\/fortdeleveau.fr\/wp-content\/uploads\/2025\/04\/487205274_1269599891672798_2010602352851269736_n-1024x858.jpg\" alt=\"\" width=\"1024\" height=\"858\" srcset=\"http:\/\/fortdeleveau.fr\/wp-content\/uploads\/2025\/04\/487205274_1269599891672798_2010602352851269736_n-1024x858.jpg 1024w, http:\/\/fortdeleveau.fr\/wp-content\/uploads\/2025\/04\/487205274_1269599891672798_2010602352851269736_n-300x252.jpg 300w, http:\/\/fortdeleveau.fr\/wp-content\/uploads\/2025\/04\/487205274_1269599891672798_2010602352851269736_n-768x644.jpg 768w, http:\/\/fortdeleveau.fr\/wp-content\/uploads\/2025\/04\/487205274_1269599891672798_2010602352851269736_n-1536x1288.jpg 1536w, http:\/\/fortdeleveau.fr\/wp-content\/uploads\/2025\/04\/487205274_1269599891672798_2010602352851269736_n-700x587.jpg 700w, http:\/\/fortdeleveau.fr\/wp-content\/uploads\/2025\/04\/487205274_1269599891672798_2010602352851269736_n.jpg 1763w\" sizes=\"(max-width: 1024px) 100vw, 1024px\" \/><\/a><\/p>\n <\/div><div class='clear'><\/div>\r\n\r\n\t\t\t\t\t\t\t\t<\/div>\r\n\t\t\t\t\t\t\t<\/div>\r\n\t\t\t\t\t\t<\/div><div class='evo_metarow_time evorow evcal_evdata_row bordb evcal_evrow_sm  lastrow'>\r\n\t\t\t\t\t\t\t<span class='evcal_evdata_icons'><i class='fa fa-clock-o'><\/i><\/span>\r\n\t\t\t\t\t\t\t<div class='evcal_evdata_cell'>\t\t\t\t\t\t\t\r\n\t\t\t\t\t\t\t\t<h3 class='evo_h3'>Horaire<\/h3><p>(Dimanche) 14 h 30 min - 18 h 00 min<\/p>\r\n\t\t\t\t\t\t\t<\/div>\r\n\t\t\t\t\t\t<div class='evcal_evdata_row evcal_close' title=' Fermer bouton \u00e9v\u00e9nement'><\/div><\/div><\/div><div class='clear end'><\/div><\/div><div id=\"event_15516\" class=\"eventon_list_event event\" data-event_id=\"15516\" data-colr=\"#206177\" itemscope itemtype='http:\/\/schema.org\/Event'><div class=\"evo_event_schema\" style=\"display:none\" >\r\n\t\t\t\t\t\t\t<a href=\"http:\/\/fortdeleveau.fr\/en\/events\/ouverture-dimanche-28-juin-2026\/\" itemprop=\"url\"><\/a>\t\t\t\t\r\n\t\t\t\t\t\t\t<time itemprop=\"startDate\" datetime=\"2026-6-28\"><\/time>\r\n\t\t\t\t\t\t\t<time itemprop=\"endDate\" datetime=\"2026-6-28\"><\/time><\/div>\r\n\t\t\t\t<a data-gmap_status=\"null\" data-gmtrig=\"1\" data-exlk=\"0\" style=\"border-color: #206177;\" id=\"evc_178265700015516\" class=\"desc_trig sin_val evcal_list_a\" data-ux_val=\"1\" ><span class='evcal_cblock' data-bgcolor='#206177' data-smon='juin' data-syr='2026'><em class='evo_date' ><span class=\"start\">28<em>juin<\/em><\/span><\/em><em class='evo_time'><span class='start'>14 h 30 min<\/span><span class='end'>- 18 h 00 min<\/span><\/em><em class='clear'><\/em><\/span><span class='evcal_desc evo_info '  data-location_status=\"false\" ><span class='evcal_desc2 evcal_event_title' itemprop='name'>Ouverture dimanche 28 juin 2026<\/span><span class='evcal_desc_info' ><\/span><span class='evcal_desc3'><\/span><\/span><em class='clear'><\/em><\/a><div class='event_description evcal_eventcard ' style=\"display:none\"><div class='evo_metarow_details evorow evcal_evdata_row bordb evcal_event_details'>\r\n\t\t\t\t\t\t\t<div class=\"event_excerpt\" style=\"display:none\"><h3 class=\"padb5 evo_h3\">D\u00e9tail de l&#039;\u00e9venement<\/h3><p><\/p><\/div>\r\n\t\t\t\t\t\t\t<span class='evcal_evdata_icons'><i class='fa fa-align-justify'><\/i><\/span>\r\n\t\t\t\t\t\t\t<div class='evcal_evdata_cell '><div class='eventon_full_description'>\r\n\t\t\t\t\t\t\t\t\t<h3 class='padb5 evo_h3'>D\u00e9tail de l&#039;\u00e9venement<\/h3><div class='eventon_desc_in' itemprop='description'>\r\n\t\t\t\t\t\t\t\t\t<p>Ce dimanche, le fort sera ouvert de 14h30 \u00e0 18h.<\/p>\n<p>&nbsp;<\/p>\n<p><a href=\"http:\/\/fortdeleveau.fr\/wp-content\/uploads\/2025\/04\/487205274_1269599891672798_2010602352851269736_n.jpg\"><img loading=\"lazy\" class=\"alignnone size-large wp-image-15378\" src=\"http:\/\/fortdeleveau.fr\/wp-content\/uploads\/2025\/04\/487205274_1269599891672798_2010602352851269736_n-1024x858.jpg\" alt=\"\" width=\"1024\" height=\"858\" srcset=\"http:\/\/fortdeleveau.fr\/wp-content\/uploads\/2025\/04\/487205274_1269599891672798_2010602352851269736_n-1024x858.jpg 1024w, http:\/\/fortdeleveau.fr\/wp-content\/uploads\/2025\/04\/487205274_1269599891672798_2010602352851269736_n-300x252.jpg 300w, http:\/\/fortdeleveau.fr\/wp-content\/uploads\/2025\/04\/487205274_1269599891672798_2010602352851269736_n-768x644.jpg 768w, http:\/\/fortdeleveau.fr\/wp-content\/uploads\/2025\/04\/487205274_1269599891672798_2010602352851269736_n-1536x1288.jpg 1536w, http:\/\/fortdeleveau.fr\/wp-content\/uploads\/2025\/04\/487205274_1269599891672798_2010602352851269736_n-700x587.jpg 700w, http:\/\/fortdeleveau.fr\/wp-content\/uploads\/2025\/04\/487205274_1269599891672798_2010602352851269736_n.jpg 1763w\" sizes=\"(max-width: 1024px) 100vw, 1024px\" \/><\/a><\/p>\n <\/div><div class='clear'><\/div>\r\n\r\n\t\t\t\t\t\t\t\t<\/div>\r\n\t\t\t\t\t\t\t<\/div>\r\n\t\t\t\t\t\t<\/div><div class='evo_metarow_time evorow evcal_evdata_row bordb evcal_evrow_sm  lastrow'>\r\n\t\t\t\t\t\t\t<span class='evcal_evdata_icons'><i class='fa fa-clock-o'><\/i><\/span>\r\n\t\t\t\t\t\t\t<div class='evcal_evdata_cell'>\t\t\t\t\t\t\t\r\n\t\t\t\t\t\t\t\t<h3 class='evo_h3'>Horaire<\/h3><p>(Dimanche) 14 h 30 min - 18 h 00 min<\/p>\r\n\t\t\t\t\t\t\t<\/div>\r\n\t\t\t\t\t\t<div class='evcal_evdata_row evcal_close' title=' Fermer bouton \u00e9v\u00e9nement'><\/div><\/div><\/div><div class='clear end'><\/div><\/div><\/div><div class='evcal_month_line'><p>juillet 2026<\/p><\/div><div id='evcal_list' class='eventon_events_list'><div id=\"event_15517\" class=\"eventon_list_event event\" data-event_id=\"15517\" data-colr=\"#206177\" itemscope itemtype='http:\/\/schema.org\/Event'><div class=\"evo_event_schema\" style=\"display:none\" >\r\n\t\t\t\t\t\t\t<a href=\"http:\/\/fortdeleveau.fr\/en\/events\/ouverture-dimanche-19-juillet-2026\/\" itemprop=\"url\"><\/a>\t\t\t\t\r\n\t\t\t\t\t\t\t<time itemprop=\"startDate\" datetime=\"2026-7-19\"><\/time>\r\n\t\t\t\t\t\t\t<time itemprop=\"endDate\" datetime=\"2026-7-19\"><\/time><\/div>\r\n\t\t\t\t<a data-gmap_status=\"null\" data-gmtrig=\"1\" data-exlk=\"0\" style=\"border-color: #206177;\" id=\"evc_178447140015517\" class=\"desc_trig sin_val evcal_list_a\" data-ux_val=\"1\" ><span class='evcal_cblock' data-bgcolor='#206177' data-smon='juillet' data-syr='2026'><em class='evo_date' ><span class=\"start\">19<em>juil<\/em><\/span><\/em><em class='evo_time'><span class='start'>14 h 30 min<\/span><span class='end'>- 18 h 00 min<\/span><\/em><em class='clear'><\/em><\/span><span class='evcal_desc evo_info '  data-location_status=\"false\" ><span class='evcal_desc2 evcal_event_title' itemprop='name'>Ouverture dimanche 19 juillet 2026<\/span><span class='evcal_desc_info' ><\/span><span class='evcal_desc3'><\/span><\/span><em class='clear'><\/em><\/a><div class='event_description evcal_eventcard ' style=\"display:none\"><div class='evo_metarow_details evorow evcal_evdata_row bordb evcal_event_details'>\r\n\t\t\t\t\t\t\t<div class=\"event_excerpt\" style=\"display:none\"><h3 class=\"padb5 evo_h3\">D\u00e9tail de l&#039;\u00e9venement<\/h3><p><\/p><\/div>\r\n\t\t\t\t\t\t\t<span class='evcal_evdata_icons'><i class='fa fa-align-justify'><\/i><\/span>\r\n\t\t\t\t\t\t\t<div class='evcal_evdata_cell '><div class='eventon_full_description'>\r\n\t\t\t\t\t\t\t\t\t<h3 class='padb5 evo_h3'>D\u00e9tail de l&#039;\u00e9venement<\/h3><div class='eventon_desc_in' itemprop='description'>\r\n\t\t\t\t\t\t\t\t\t<p>Ce dimanche, le fort sera ouvert de 14h30 \u00e0 18h.<\/p>\n<p>&nbsp;<\/p>\n<p><a href=\"http:\/\/fortdeleveau.fr\/wp-content\/uploads\/2025\/04\/487205274_1269599891672798_2010602352851269736_n.jpg\"><img loading=\"lazy\" class=\"alignnone size-large wp-image-15378\" src=\"http:\/\/fortdeleveau.fr\/wp-content\/uploads\/2025\/04\/487205274_1269599891672798_2010602352851269736_n-1024x858.jpg\" alt=\"\" width=\"1024\" height=\"858\" srcset=\"http:\/\/fortdeleveau.fr\/wp-content\/uploads\/2025\/04\/487205274_1269599891672798_2010602352851269736_n-1024x858.jpg 1024w, http:\/\/fortdeleveau.fr\/wp-content\/uploads\/2025\/04\/487205274_1269599891672798_2010602352851269736_n-300x252.jpg 300w, http:\/\/fortdeleveau.fr\/wp-content\/uploads\/2025\/04\/487205274_1269599891672798_2010602352851269736_n-768x644.jpg 768w, http:\/\/fortdeleveau.fr\/wp-content\/uploads\/2025\/04\/487205274_1269599891672798_2010602352851269736_n-1536x1288.jpg 1536w, http:\/\/fortdeleveau.fr\/wp-content\/uploads\/2025\/04\/487205274_1269599891672798_2010602352851269736_n-700x587.jpg 700w, http:\/\/fortdeleveau.fr\/wp-content\/uploads\/2025\/04\/487205274_1269599891672798_2010602352851269736_n.jpg 1763w\" sizes=\"(max-width: 1024px) 100vw, 1024px\" \/><\/a><\/p>\n <\/div><div class='clear'><\/div>\r\n\r\n\t\t\t\t\t\t\t\t<\/div>\r\n\t\t\t\t\t\t\t<\/div>\r\n\t\t\t\t\t\t<\/div><div class='evo_metarow_time evorow evcal_evdata_row bordb evcal_evrow_sm  lastrow'>\r\n\t\t\t\t\t\t\t<span class='evcal_evdata_icons'><i class='fa fa-clock-o'><\/i><\/span>\r\n\t\t\t\t\t\t\t<div class='evcal_evdata_cell'>\t\t\t\t\t\t\t\r\n\t\t\t\t\t\t\t\t<h3 class='evo_h3'>Horaire<\/h3><p>(Dimanche) 14 h 30 min - 18 h 00 min<\/p>\r\n\t\t\t\t\t\t\t<\/div>\r\n\t\t\t\t\t\t<div class='evcal_evdata_row evcal_close' title=' Fermer bouton \u00e9v\u00e9nement'><\/div><\/div><\/div><div class='clear end'><\/div><\/div><div id=\"event_15518\" class=\"eventon_list_event event\" data-event_id=\"15518\" data-colr=\"#206177\" itemscope itemtype='http:\/\/schema.org\/Event'><div class=\"evo_event_schema\" style=\"display:none\" >\r\n\t\t\t\t\t\t\t<a href=\"http:\/\/fortdeleveau.fr\/en\/events\/ouverture-dimanche-26-juillet-2026\/\" itemprop=\"url\"><\/a>\t\t\t\t\r\n\t\t\t\t\t\t\t<time itemprop=\"startDate\" datetime=\"2026-7-26\"><\/time>\r\n\t\t\t\t\t\t\t<time itemprop=\"endDate\" datetime=\"2026-7-26\"><\/time><\/div>\r\n\t\t\t\t<a data-gmap_status=\"null\" data-gmtrig=\"1\" data-exlk=\"0\" style=\"border-color: #206177;\" id=\"evc_178507620015518\" class=\"desc_trig sin_val evcal_list_a\" data-ux_val=\"1\" ><span class='evcal_cblock' data-bgcolor='#206177' data-smon='juillet' data-syr='2026'><em class='evo_date' ><span class=\"start\">26<em>juil<\/em><\/span><\/em><em class='evo_time'><span class='start'>14 h 30 min<\/span><span class='end'>- 18 h 00 min<\/span><\/em><em class='clear'><\/em><\/span><span class='evcal_desc evo_info '  data-location_status=\"false\" ><span class='evcal_desc2 evcal_event_title' itemprop='name'>Ouverture dimanche 26 juillet 2026<\/span><span class='evcal_desc_info' ><\/span><span class='evcal_desc3'><\/span><\/span><em class='clear'><\/em><\/a><div class='event_description evcal_eventcard ' style=\"display:none\"><div class='evo_metarow_details evorow evcal_evdata_row bordb evcal_event_details'>\r\n\t\t\t\t\t\t\t<div class=\"event_excerpt\" style=\"display:none\"><h3 class=\"padb5 evo_h3\">D\u00e9tail de l&#039;\u00e9venement<\/h3><p><\/p><\/div>\r\n\t\t\t\t\t\t\t<span class='evcal_evdata_icons'><i class='fa fa-align-justify'><\/i><\/span>\r\n\t\t\t\t\t\t\t<div class='evcal_evdata_cell '><div class='eventon_full_description'>\r\n\t\t\t\t\t\t\t\t\t<h3 class='padb5 evo_h3'>D\u00e9tail de l&#039;\u00e9venement<\/h3><div class='eventon_desc_in' itemprop='description'>\r\n\t\t\t\t\t\t\t\t\t<p>Ce dimanche, le fort sera ouvert de 14h30 \u00e0 18h.<\/p>\n<p>&nbsp;<\/p>\n<p><a href=\"http:\/\/fortdeleveau.fr\/wp-content\/uploads\/2025\/04\/487205274_1269599891672798_2010602352851269736_n.jpg\"><img loading=\"lazy\" class=\"alignnone size-large wp-image-15378\" src=\"http:\/\/fortdeleveau.fr\/wp-content\/uploads\/2025\/04\/487205274_1269599891672798_2010602352851269736_n-1024x858.jpg\" alt=\"\" width=\"1024\" height=\"858\" srcset=\"http:\/\/fortdeleveau.fr\/wp-content\/uploads\/2025\/04\/487205274_1269599891672798_2010602352851269736_n-1024x858.jpg 1024w, http:\/\/fortdeleveau.fr\/wp-content\/uploads\/2025\/04\/487205274_1269599891672798_2010602352851269736_n-300x252.jpg 300w, http:\/\/fortdeleveau.fr\/wp-content\/uploads\/2025\/04\/487205274_1269599891672798_2010602352851269736_n-768x644.jpg 768w, http:\/\/fortdeleveau.fr\/wp-content\/uploads\/2025\/04\/487205274_1269599891672798_2010602352851269736_n-1536x1288.jpg 1536w, http:\/\/fortdeleveau.fr\/wp-content\/uploads\/2025\/04\/487205274_1269599891672798_2010602352851269736_n-700x587.jpg 700w, http:\/\/fortdeleveau.fr\/wp-content\/uploads\/2025\/04\/487205274_1269599891672798_2010602352851269736_n.jpg 1763w\" sizes=\"(max-width: 1024px) 100vw, 1024px\" \/><\/a><\/p>\n <\/div><div class='clear'><\/div>\r\n\r\n\t\t\t\t\t\t\t\t<\/div>\r\n\t\t\t\t\t\t\t<\/div>\r\n\t\t\t\t\t\t<\/div><div class='evo_metarow_time evorow evcal_evdata_row bordb evcal_evrow_sm  lastrow'>\r\n\t\t\t\t\t\t\t<span class='evcal_evdata_icons'><i class='fa fa-clock-o'><\/i><\/span>\r\n\t\t\t\t\t\t\t<div class='evcal_evdata_cell'>\t\t\t\t\t\t\t\r\n\t\t\t\t\t\t\t\t<h3 class='evo_h3'>Horaire<\/h3><p>(Dimanche) 14 h 30 min - 18 h 00 min<\/p>\r\n\t\t\t\t\t\t\t<\/div>\r\n\t\t\t\t\t\t<div class='evcal_evdata_row evcal_close' title=' Fermer bouton \u00e9v\u00e9nement'><\/div><\/div><\/div><div class='clear end'><\/div><\/div><\/div><div class='evcal_month_line'><p>ao\u00fbt 2026<\/p><\/div><div id='evcal_list' class='eventon_events_list'><div id=\"event_15519\" class=\"eventon_list_event event\" data-event_id=\"15519\" data-colr=\"#206177\" itemscope itemtype='http:\/\/schema.org\/Event'><div class=\"evo_event_schema\" style=\"display:none\" >\r\n\t\t\t\t\t\t\t<a href=\"http:\/\/fortdeleveau.fr\/en\/events\/ouverture-dimanche-23-aout-2026\/\" itemprop=\"url\"><\/a>\t\t\t\t\r\n\t\t\t\t\t\t\t<time itemprop=\"startDate\" datetime=\"2026-8-23\"><\/time>\r\n\t\t\t\t\t\t\t<time itemprop=\"endDate\" datetime=\"2026-8-23\"><\/time><\/div>\r\n\t\t\t\t<a data-gmap_status=\"null\" data-gmtrig=\"1\" data-exlk=\"0\" style=\"border-color: #206177;\" id=\"evc_178749540015519\" class=\"desc_trig sin_val evcal_list_a\" data-ux_val=\"1\" ><span class='evcal_cblock' data-bgcolor='#206177' data-smon='ao\u00fbt' data-syr='2026'><em class='evo_date' ><span class=\"start\">23<em>ao\u00fbt<\/em><\/span><\/em><em class='evo_time'><span class='start'>14 h 30 min<\/span><span class='end'>- 18 h 00 min<\/span><\/em><em class='clear'><\/em><\/span><span class='evcal_desc evo_info '  data-location_status=\"false\" ><span class='evcal_desc2 evcal_event_title' itemprop='name'>Ouverture dimanche 23 ao\u00fbt 2026<\/span><span class='evcal_desc_info' ><\/span><span class='evcal_desc3'><\/span><\/span><em class='clear'><\/em><\/a><div class='event_description evcal_eventcard ' style=\"display:none\"><div class='evo_metarow_details evorow evcal_evdata_row bordb evcal_event_details'>\r\n\t\t\t\t\t\t\t<div class=\"event_excerpt\" style=\"display:none\"><h3 class=\"padb5 evo_h3\">D\u00e9tail de l&#039;\u00e9venement<\/h3><p><\/p><\/div>\r\n\t\t\t\t\t\t\t<span class='evcal_evdata_icons'><i class='fa fa-align-justify'><\/i><\/span>\r\n\t\t\t\t\t\t\t<div class='evcal_evdata_cell '><div class='eventon_full_description'>\r\n\t\t\t\t\t\t\t\t\t<h3 class='padb5 evo_h3'>D\u00e9tail de l&#039;\u00e9venement<\/h3><div class='eventon_desc_in' itemprop='description'>\r\n\t\t\t\t\t\t\t\t\t<p>Ce dimanche, le fort sera ouvert de 14h30 \u00e0 18h.<\/p>\n<p>&nbsp;<\/p>\n<p><a href=\"http:\/\/fortdeleveau.fr\/wp-content\/uploads\/2025\/04\/487205274_1269599891672798_2010602352851269736_n.jpg\"><img loading=\"lazy\" class=\"alignnone size-large wp-image-15378\" src=\"http:\/\/fortdeleveau.fr\/wp-content\/uploads\/2025\/04\/487205274_1269599891672798_2010602352851269736_n-1024x858.jpg\" alt=\"\" width=\"1024\" height=\"858\" srcset=\"http:\/\/fortdeleveau.fr\/wp-content\/uploads\/2025\/04\/487205274_1269599891672798_2010602352851269736_n-1024x858.jpg 1024w, http:\/\/fortdeleveau.fr\/wp-content\/uploads\/2025\/04\/487205274_1269599891672798_2010602352851269736_n-300x252.jpg 300w, http:\/\/fortdeleveau.fr\/wp-content\/uploads\/2025\/04\/487205274_1269599891672798_2010602352851269736_n-768x644.jpg 768w, http:\/\/fortdeleveau.fr\/wp-content\/uploads\/2025\/04\/487205274_1269599891672798_2010602352851269736_n-1536x1288.jpg 1536w, http:\/\/fortdeleveau.fr\/wp-content\/uploads\/2025\/04\/487205274_1269599891672798_2010602352851269736_n-700x587.jpg 700w, http:\/\/fortdeleveau.fr\/wp-content\/uploads\/2025\/04\/487205274_1269599891672798_2010602352851269736_n.jpg 1763w\" sizes=\"(max-width: 1024px) 100vw, 1024px\" \/><\/a><\/p>\n <\/div><div class='clear'><\/div>\r\n\r\n\t\t\t\t\t\t\t\t<\/div>\r\n\t\t\t\t\t\t\t<\/div>\r\n\t\t\t\t\t\t<\/div><div class='evo_metarow_time evorow evcal_evdata_row bordb evcal_evrow_sm  lastrow'>\r\n\t\t\t\t\t\t\t<span class='evcal_evdata_icons'><i class='fa fa-clock-o'><\/i><\/span>\r\n\t\t\t\t\t\t\t<div class='evcal_evdata_cell'>\t\t\t\t\t\t\t\r\n\t\t\t\t\t\t\t\t<h3 class='evo_h3'>Horaire<\/h3><p>(Dimanche) 14 h 30 min - 18 h 00 min<\/p>\r\n\t\t\t\t\t\t\t<\/div>\r\n\t\t\t\t\t\t<div class='evcal_evdata_row evcal_close' title=' Fermer bouton \u00e9v\u00e9nement'><\/div><\/div><\/div><div class='clear end'><\/div><\/div><div id=\"event_15520\" class=\"eventon_list_event event\" data-event_id=\"15520\" data-colr=\"#206177\" itemscope itemtype='http:\/\/schema.org\/Event'><div class=\"evo_event_schema\" style=\"display:none\" >\r\n\t\t\t\t\t\t\t<a href=\"http:\/\/fortdeleveau.fr\/en\/events\/ouverture-dimanche-30-aout-2026\/\" itemprop=\"url\"><\/a>\t\t\t\t\r\n\t\t\t\t\t\t\t<time itemprop=\"startDate\" datetime=\"2026-8-30\"><\/time>\r\n\t\t\t\t\t\t\t<time itemprop=\"endDate\" datetime=\"2026-8-30\"><\/time><\/div>\r\n\t\t\t\t<a data-gmap_status=\"null\" data-gmtrig=\"1\" data-exlk=\"0\" style=\"border-color: #206177;\" id=\"evc_178810020015520\" class=\"desc_trig sin_val evcal_list_a\" data-ux_val=\"1\" ><span class='evcal_cblock' data-bgcolor='#206177' data-smon='ao\u00fbt' data-syr='2026'><em class='evo_date' ><span class=\"start\">30<em>ao\u00fbt<\/em><\/span><\/em><em class='evo_time'><span class='start'>14 h 30 min<\/span><span class='end'>- 18 h 00 min<\/span><\/em><em class='clear'><\/em><\/span><span class='evcal_desc evo_info '  data-location_status=\"false\" ><span class='evcal_desc2 evcal_event_title' itemprop='name'>Ouverture dimanche 30 ao\u00fbt 2026<\/span><span class='evcal_desc_info' ><\/span><span class='evcal_desc3'><\/span><\/span><em class='clear'><\/em><\/a><div class='event_description evcal_eventcard ' style=\"display:none\"><div class='evo_metarow_details evorow evcal_evdata_row bordb evcal_event_details'>\r\n\t\t\t\t\t\t\t<div class=\"event_excerpt\" style=\"display:none\"><h3 class=\"padb5 evo_h3\">D\u00e9tail de l&#039;\u00e9venement<\/h3><p><\/p><\/div>\r\n\t\t\t\t\t\t\t<span class='evcal_evdata_icons'><i class='fa fa-align-justify'><\/i><\/span>\r\n\t\t\t\t\t\t\t<div class='evcal_evdata_cell '><div class='eventon_full_description'>\r\n\t\t\t\t\t\t\t\t\t<h3 class='padb5 evo_h3'>D\u00e9tail de l&#039;\u00e9venement<\/h3><div class='eventon_desc_in' itemprop='description'>\r\n\t\t\t\t\t\t\t\t\t<p>Ce dimanche, le fort sera ouvert de 14h30 \u00e0 18h.<\/p>\n<p>&nbsp;<\/p>\n<p><a href=\"http:\/\/fortdeleveau.fr\/wp-content\/uploads\/2025\/04\/487205274_1269599891672798_2010602352851269736_n.jpg\"><img loading=\"lazy\" class=\"alignnone size-large wp-image-15378\" src=\"http:\/\/fortdeleveau.fr\/wp-content\/uploads\/2025\/04\/487205274_1269599891672798_2010602352851269736_n-1024x858.jpg\" alt=\"\" width=\"1024\" height=\"858\" srcset=\"http:\/\/fortdeleveau.fr\/wp-content\/uploads\/2025\/04\/487205274_1269599891672798_2010602352851269736_n-1024x858.jpg 1024w, http:\/\/fortdeleveau.fr\/wp-content\/uploads\/2025\/04\/487205274_1269599891672798_2010602352851269736_n-300x252.jpg 300w, http:\/\/fortdeleveau.fr\/wp-content\/uploads\/2025\/04\/487205274_1269599891672798_2010602352851269736_n-768x644.jpg 768w, http:\/\/fortdeleveau.fr\/wp-content\/uploads\/2025\/04\/487205274_1269599891672798_2010602352851269736_n-1536x1288.jpg 1536w, http:\/\/fortdeleveau.fr\/wp-content\/uploads\/2025\/04\/487205274_1269599891672798_2010602352851269736_n-700x587.jpg 700w, http:\/\/fortdeleveau.fr\/wp-content\/uploads\/2025\/04\/487205274_1269599891672798_2010602352851269736_n.jpg 1763w\" sizes=\"(max-width: 1024px) 100vw, 1024px\" \/><\/a><\/p>\n <\/div><div class='clear'><\/div>\r\n\r\n\t\t\t\t\t\t\t\t<\/div>\r\n\t\t\t\t\t\t\t<\/div>\r\n\t\t\t\t\t\t<\/div><div class='evo_metarow_time evorow evcal_evdata_row bordb evcal_evrow_sm  lastrow'>\r\n\t\t\t\t\t\t\t<span class='evcal_evdata_icons'><i class='fa fa-clock-o'><\/i><\/span>\r\n\t\t\t\t\t\t\t<div class='evcal_evdata_cell'>\t\t\t\t\t\t\t\r\n\t\t\t\t\t\t\t\t<h3 class='evo_h3'>Horaire<\/h3><p>(Dimanche) 14 h 30 min - 18 h 00 min<\/p>\r\n\t\t\t\t\t\t\t<\/div>\r\n\t\t\t\t\t\t<div class='evcal_evdata_row evcal_close' title=' Fermer bouton \u00e9v\u00e9nement'><\/div><\/div><\/div><div class='clear end'><\/div><\/div><\/div><div class='evcal_month_line'><p>septembre 2026<\/p><\/div><div id='evcal_list' class='eventon_events_list'><div id=\"event_15525\" class=\"eventon_list_event event\" data-event_id=\"15525\" data-colr=\"#206177\" itemscope itemtype='http:\/\/schema.org\/Event'><div class=\"evo_event_schema\" style=\"display:none\" >\r\n\t\t\t\t\t\t\t<a href=\"http:\/\/fortdeleveau.fr\/en\/events\/journees-europeennes-du-patrimoine-16\/\" itemprop=\"url\"><\/a>\t\t\t\t\r\n\t\t\t\t\t\t\t<time itemprop=\"startDate\" datetime=\"2026-9-19\"><\/time>\r\n\t\t\t\t\t\t\t<time itemprop=\"endDate\" datetime=\"2026-9-19\"><\/time><\/div>\r\n\t\t\t\t<a data-gmap_status=\"null\" data-gmtrig=\"1\" data-exlk=\"0\" style=\"border-color: #206177;\" id=\"evc_178982640015525\" class=\"desc_trig sin_val evcal_list_a\" data-ux_val=\"1\" ><span class='evcal_cblock' data-bgcolor='#206177' data-smon='septembre' data-syr='2026'><em class='evo_date' ><span class=\"start\">19<em>sep<\/em><\/span><\/em><em class='evo_time'><span class='start'>14 h 00 min<\/span><span class='end'>- 18 h 00 min<\/span><\/em><em class='clear'><\/em><\/span><span class='evcal_desc evo_info '  data-location_status=\"false\" ><span class='evcal_desc2 evcal_event_title' itemprop='name'>Journ\u00e9es Europ\u00e9ennes du Patrimoine<\/span><span class='evcal_desc_info' ><\/span><span class='evcal_desc3'><\/span><\/span><em class='clear'><\/em><\/a><div class='event_description evcal_eventcard ' style=\"display:none\"><div class='evo_metarow_details evorow evcal_evdata_row bordb evcal_event_details'>\r\n\t\t\t\t\t\t\t<div class=\"event_excerpt\" style=\"display:none\"><h3 class=\"padb5 evo_h3\">D\u00e9tail de l&#039;\u00e9venement<\/h3><p>Le samedi 19 septembre, le fort ouvre ses portes pour les Journ\u00e9es Europ\u00e9ennes du Patrimoine de 14h\u00a0 18h.\r\n\r\nEn visite libre ou guid\u00e9e, venez d\u00e9couvrir l'un des derniers t\u00e9moins de la [...]<\/p><\/div>\r\n\t\t\t\t\t\t\t<span class='evcal_evdata_icons'><i class='fa fa-align-justify'><\/i><\/span>\r\n\t\t\t\t\t\t\t<div class='evcal_evdata_cell '><div class='eventon_full_description'>\r\n\t\t\t\t\t\t\t\t\t<h3 class='padb5 evo_h3'>D\u00e9tail de l&#039;\u00e9venement<\/h3><div class='eventon_desc_in' itemprop='description'>\r\n\t\t\t\t\t\t\t\t\t<p>Le samedi 19 septembre, le fort ouvre ses portes pour les Journ\u00e9es Europ\u00e9ennes du Patrimoine de 14h\u00a0 18h.<\/p>\n<p>En visite libre ou guid\u00e9e, venez d\u00e9couvrir l&#8217;un des derniers t\u00e9moins de la place forte de Maubeuge.<\/p>\n<p>Entr\u00e9e gratuite !<\/p>\n<p>Visites guid\u00e9es \u00e0 15h30 et 16h30 (dur\u00e9e 1h)<\/p>\n <\/div><div class='clear'><\/div>\r\n\r\n\t\t\t\t\t\t\t\t<\/div>\r\n\t\t\t\t\t\t\t<\/div>\r\n\t\t\t\t\t\t<\/div><div class='evo_metarow_time evorow evcal_evdata_row bordb evcal_evrow_sm  lastrow'>\r\n\t\t\t\t\t\t\t<span class='evcal_evdata_icons'><i class='fa fa-clock-o'><\/i><\/span>\r\n\t\t\t\t\t\t\t<div class='evcal_evdata_cell'>\t\t\t\t\t\t\t\r\n\t\t\t\t\t\t\t\t<h3 class='evo_h3'>Horaire<\/h3><p>(Samedi) 14 h 00 min - 18 h 00 min<\/p>\r\n\t\t\t\t\t\t\t<\/div>\r\n\t\t\t\t\t\t<div class='evcal_evdata_row evcal_close' title=' Fermer bouton \u00e9v\u00e9nement'><\/div><\/div><\/div><div class='clear end'><\/div><\/div><div id=\"event_15526\" class=\"eventon_list_event event\" data-event_id=\"15526\" data-colr=\"#206177\" itemscope itemtype='http:\/\/schema.org\/Event'><div class=\"evo_event_schema\" style=\"display:none\" >\r\n\t\t\t\t\t\t\t<a href=\"http:\/\/fortdeleveau.fr\/en\/events\/journees-europeennes-du-patrimoine-17\/\" itemprop=\"url\"><\/a>\t\t\t\t\r\n\t\t\t\t\t\t\t<time itemprop=\"startDate\" datetime=\"2026-9-20\"><\/time>\r\n\t\t\t\t\t\t\t<time itemprop=\"endDate\" datetime=\"2026-9-20\"><\/time><\/div>\r\n\t\t\t\t<a data-gmap_status=\"null\" data-gmtrig=\"1\" data-exlk=\"0\" style=\"border-color: #206177;\" id=\"evc_178989480015526\" class=\"desc_trig sin_val evcal_list_a\" data-ux_val=\"1\" ><span class='evcal_cblock' data-bgcolor='#206177' data-smon='septembre' data-syr='2026'><em class='evo_date' ><span class=\"start\">20<em>sep<\/em><\/span><\/em><em class='evo_time'><span class='start'>9 h 00 min<\/span><span class='end'>- 18 h 00 min<\/span><\/em><em class='clear'><\/em><\/span><span class='evcal_desc evo_info '  data-location_status=\"false\" ><span class='evcal_desc2 evcal_event_title' itemprop='name'>Journ\u00e9es Europ\u00e9ennes du Patrimoine<\/span><span class='evcal_desc_info' ><\/span><span class='evcal_desc3'><\/span><\/span><em class='clear'><\/em><\/a><div class='event_description evcal_eventcard ' style=\"display:none\"><div class='evo_metarow_fimg evorow evcal_evdata_img  evo_imghover' data-imgheight='1350' data-imgwidth='1080'  style='background-image: url(http:\/\/fortdeleveau.fr\/wp-content\/uploads\/2025\/07\/da6f5bec3af1-JEP25_RS-1080-1350.webp)' data-imgstyle='minmized' data-minheight='400' data-status=''><\/div><div class='evo_metarow_details evorow evcal_evdata_row bordb evcal_event_details'>\r\n\t\t\t\t\t\t\t<div class=\"event_excerpt\" style=\"display:none\"><h3 class=\"padb5 evo_h3\">D\u00e9tail de l&#039;\u00e9venement<\/h3><p>Le dimanche 20 septembre, le fort ouvre ses portes pour les Journ\u00e9es Europ\u00e9ennes du Patrimoine de 9h \u00e0 18h.\r\n\r\nEn visite libre ou guid\u00e9e, venez d\u00e9couvrir l'un des derniers t\u00e9moins de [...]<\/p><\/div>\r\n\t\t\t\t\t\t\t<span class='evcal_evdata_icons'><i class='fa fa-align-justify'><\/i><\/span>\r\n\t\t\t\t\t\t\t<div class='evcal_evdata_cell '><div class='eventon_full_description'>\r\n\t\t\t\t\t\t\t\t\t<h3 class='padb5 evo_h3'>D\u00e9tail de l&#039;\u00e9venement<\/h3><div class='eventon_desc_in' itemprop='description'>\r\n\t\t\t\t\t\t\t\t\t<p>Le dimanche 20 septembre, le fort ouvre ses portes pour les Journ\u00e9es Europ\u00e9ennes du Patrimoine de 9h \u00e0 18h.<\/p>\n<p>En visite libre ou guid\u00e9e, venez d\u00e9couvrir l&#8217;un des derniers t\u00e9moins de la place forte de Maubeuge.<\/p>\n<p>Entr\u00e9e gratuite !<\/p>\n<p>Visites guid\u00e9es \u00e0 10h30 \/ 14h30\/15h30 et 16h30 (dur\u00e9e 1h)<\/p>\n <\/div><div class='clear'><\/div>\r\n\r\n\t\t\t\t\t\t\t\t<\/div>\r\n\t\t\t\t\t\t\t<\/div>\r\n\t\t\t\t\t\t<\/div><div class='evo_metarow_time evorow evcal_evdata_row bordb evcal_evrow_sm  lastrow'>\r\n\t\t\t\t\t\t\t<span class='evcal_evdata_icons'><i class='fa fa-clock-o'><\/i><\/span>\r\n\t\t\t\t\t\t\t<div class='evcal_evdata_cell'>\t\t\t\t\t\t\t\r\n\t\t\t\t\t\t\t\t<h3 class='evo_h3'>Horaire<\/h3><p>(Dimanche) 9 h 00 min - 18 h 00 min<\/p>\r\n\t\t\t\t\t\t\t<\/div>\r\n\t\t\t\t\t\t<div class='evcal_evdata_row evcal_close' title=' Fermer bouton \u00e9v\u00e9nement'><\/div><\/div><\/div><div class='clear end'><\/div><\/div><div id=\"event_15521\" class=\"eventon_list_event event\" data-event_id=\"15521\" data-colr=\"#206177\" itemscope itemtype='http:\/\/schema.org\/Event'><div class=\"evo_event_schema\" style=\"display:none\" >\r\n\t\t\t\t\t\t\t<a href=\"http:\/\/fortdeleveau.fr\/en\/events\/ouverture-dimanche-27-septembre-2026\/\" itemprop=\"url\"><\/a>\t\t\t\t\r\n\t\t\t\t\t\t\t<time itemprop=\"startDate\" datetime=\"2026-9-27\"><\/time>\r\n\t\t\t\t\t\t\t<time itemprop=\"endDate\" datetime=\"2026-9-27\"><\/time><\/div>\r\n\t\t\t\t<a data-gmap_status=\"null\" data-gmtrig=\"1\" data-exlk=\"0\" style=\"border-color: #206177;\" id=\"evc_179051940015521\" class=\"desc_trig sin_val evcal_list_a\" data-ux_val=\"1\" ><span class='evcal_cblock' data-bgcolor='#206177' data-smon='septembre' data-syr='2026'><em class='evo_date' ><span class=\"start\">27<em>sep<\/em><\/span><\/em><em class='evo_time'><span class='start'>14 h 30 min<\/span><span class='end'>- 18 h 00 min<\/span><\/em><em class='clear'><\/em><\/span><span class='evcal_desc evo_info '  data-location_status=\"false\" ><span class='evcal_desc2 evcal_event_title' itemprop='name'>Ouverture dimanche 27 septembre 2026<\/span><span class='evcal_desc_info' ><\/span><span class='evcal_desc3'><\/span><\/span><em class='clear'><\/em><\/a><div class='event_description evcal_eventcard ' style=\"display:none\"><div class='evo_metarow_details evorow evcal_evdata_row bordb evcal_event_details'>\r\n\t\t\t\t\t\t\t<div class=\"event_excerpt\" style=\"display:none\"><h3 class=\"padb5 evo_h3\">D\u00e9tail de l&#039;\u00e9venement<\/h3><p><\/p><\/div>\r\n\t\t\t\t\t\t\t<span class='evcal_evdata_icons'><i class='fa fa-align-justify'><\/i><\/span>\r\n\t\t\t\t\t\t\t<div class='evcal_evdata_cell '><div class='eventon_full_description'>\r\n\t\t\t\t\t\t\t\t\t<h3 class='padb5 evo_h3'>D\u00e9tail de l&#039;\u00e9venement<\/h3><div class='eventon_desc_in' itemprop='description'>\r\n\t\t\t\t\t\t\t\t\t<p>Ce dimanche, le fort sera ouvert de 14h30 \u00e0 18h.<\/p>\n<p>&nbsp;<\/p>\n<p><a href=\"http:\/\/fortdeleveau.fr\/wp-content\/uploads\/2025\/04\/487205274_1269599891672798_2010602352851269736_n.jpg\"><img loading=\"lazy\" class=\"alignnone size-large wp-image-15378\" src=\"http:\/\/fortdeleveau.fr\/wp-content\/uploads\/2025\/04\/487205274_1269599891672798_2010602352851269736_n-1024x858.jpg\" alt=\"\" width=\"1024\" height=\"858\" srcset=\"http:\/\/fortdeleveau.fr\/wp-content\/uploads\/2025\/04\/487205274_1269599891672798_2010602352851269736_n-1024x858.jpg 1024w, http:\/\/fortdeleveau.fr\/wp-content\/uploads\/2025\/04\/487205274_1269599891672798_2010602352851269736_n-300x252.jpg 300w, http:\/\/fortdeleveau.fr\/wp-content\/uploads\/2025\/04\/487205274_1269599891672798_2010602352851269736_n-768x644.jpg 768w, http:\/\/fortdeleveau.fr\/wp-content\/uploads\/2025\/04\/487205274_1269599891672798_2010602352851269736_n-1536x1288.jpg 1536w, http:\/\/fortdeleveau.fr\/wp-content\/uploads\/2025\/04\/487205274_1269599891672798_2010602352851269736_n-700x587.jpg 700w, http:\/\/fortdeleveau.fr\/wp-content\/uploads\/2025\/04\/487205274_1269599891672798_2010602352851269736_n.jpg 1763w\" sizes=\"(max-width: 1024px) 100vw, 1024px\" \/><\/a><\/p>\n <\/div><div class='clear'><\/div>\r\n\r\n\t\t\t\t\t\t\t\t<\/div>\r\n\t\t\t\t\t\t\t<\/div>\r\n\t\t\t\t\t\t<\/div><div class='evo_metarow_time evorow evcal_evdata_row bordb evcal_evrow_sm  lastrow'>\r\n\t\t\t\t\t\t\t<span class='evcal_evdata_icons'><i class='fa fa-clock-o'><\/i><\/span>\r\n\t\t\t\t\t\t\t<div class='evcal_evdata_cell'>\t\t\t\t\t\t\t\r\n\t\t\t\t\t\t\t\t<h3 class='evo_h3'>Horaire<\/h3><p>(Dimanche) 14 h 30 min - 18 h 00 min<\/p>\r\n\t\t\t\t\t\t\t<\/div>\r\n\t\t\t\t\t\t<div class='evcal_evdata_row evcal_close' title=' Fermer bouton \u00e9v\u00e9nement'><\/div><\/div><\/div><div class='clear end'><\/div><\/div><\/div><div class='evcal_month_line'><p>octobre 2026<\/p><\/div><div id='evcal_list' class='eventon_events_list'><div id=\"event_15522\" class=\"eventon_list_event event\" data-event_id=\"15522\" data-colr=\"#206177\" itemscope itemtype='http:\/\/schema.org\/Event'><div class=\"evo_event_schema\" style=\"display:none\" >\r\n\t\t\t\t\t\t\t<a href=\"http:\/\/fortdeleveau.fr\/en\/events\/ouverture-dimanche-18-octobre-2026\/\" itemprop=\"url\"><\/a>\t\t\t\t\r\n\t\t\t\t\t\t\t<time itemprop=\"startDate\" datetime=\"2026-10-18\"><\/time>\r\n\t\t\t\t\t\t\t<time itemprop=\"endDate\" datetime=\"2026-10-18\"><\/time><\/div>\r\n\t\t\t\t<a data-gmap_status=\"null\" data-gmtrig=\"1\" data-exlk=\"0\" style=\"border-color: #206177;\" id=\"evc_179233380015522\" class=\"desc_trig sin_val evcal_list_a\" data-ux_val=\"1\" ><span class='evcal_cblock' data-bgcolor='#206177' data-smon='octobre' data-syr='2026'><em class='evo_date' ><span class=\"start\">18<em>oct<\/em><\/span><\/em><em class='evo_time'><span class='start'>14 h 30 min<\/span><span class='end'>- 18 h 00 min<\/span><\/em><em class='clear'><\/em><\/span><span class='evcal_desc evo_info '  data-location_status=\"false\" ><span class='evcal_desc2 evcal_event_title' itemprop='name'>Ouverture dimanche 18 octobre 2026<\/span><span class='evcal_desc_info' ><\/span><span class='evcal_desc3'><\/span><\/span><em class='clear'><\/em><\/a><div class='event_description evcal_eventcard ' style=\"display:none\"><div class='evo_metarow_details evorow evcal_evdata_row bordb evcal_event_details'>\r\n\t\t\t\t\t\t\t<div class=\"event_excerpt\" style=\"display:none\"><h3 class=\"padb5 evo_h3\">D\u00e9tail de l&#039;\u00e9venement<\/h3><p><\/p><\/div>\r\n\t\t\t\t\t\t\t<span class='evcal_evdata_icons'><i class='fa fa-align-justify'><\/i><\/span>\r\n\t\t\t\t\t\t\t<div class='evcal_evdata_cell '><div class='eventon_full_description'>\r\n\t\t\t\t\t\t\t\t\t<h3 class='padb5 evo_h3'>D\u00e9tail de l&#039;\u00e9venement<\/h3><div class='eventon_desc_in' itemprop='description'>\r\n\t\t\t\t\t\t\t\t\t<p>Ce dimanche, le fort sera ouvert de 14h30 \u00e0 18h.<\/p>\n<p>&nbsp;<\/p>\n<p><a href=\"http:\/\/fortdeleveau.fr\/wp-content\/uploads\/2025\/04\/487205274_1269599891672798_2010602352851269736_n.jpg\"><img loading=\"lazy\" class=\"alignnone size-large wp-image-15378\" src=\"http:\/\/fortdeleveau.fr\/wp-content\/uploads\/2025\/04\/487205274_1269599891672798_2010602352851269736_n-1024x858.jpg\" alt=\"\" width=\"1024\" height=\"858\" srcset=\"http:\/\/fortdeleveau.fr\/wp-content\/uploads\/2025\/04\/487205274_1269599891672798_2010602352851269736_n-1024x858.jpg 1024w, http:\/\/fortdeleveau.fr\/wp-content\/uploads\/2025\/04\/487205274_1269599891672798_2010602352851269736_n-300x252.jpg 300w, http:\/\/fortdeleveau.fr\/wp-content\/uploads\/2025\/04\/487205274_1269599891672798_2010602352851269736_n-768x644.jpg 768w, http:\/\/fortdeleveau.fr\/wp-content\/uploads\/2025\/04\/487205274_1269599891672798_2010602352851269736_n-1536x1288.jpg 1536w, http:\/\/fortdeleveau.fr\/wp-content\/uploads\/2025\/04\/487205274_1269599891672798_2010602352851269736_n-700x587.jpg 700w, http:\/\/fortdeleveau.fr\/wp-content\/uploads\/2025\/04\/487205274_1269599891672798_2010602352851269736_n.jpg 1763w\" sizes=\"(max-width: 1024px) 100vw, 1024px\" \/><\/a><\/p>\n <\/div><div class='clear'><\/div>\r\n\r\n\t\t\t\t\t\t\t\t<\/div>\r\n\t\t\t\t\t\t\t<\/div>\r\n\t\t\t\t\t\t<\/div><div class='evo_metarow_time evorow evcal_evdata_row bordb evcal_evrow_sm  lastrow'>\r\n\t\t\t\t\t\t\t<span class='evcal_evdata_icons'><i class='fa fa-clock-o'><\/i><\/span>\r\n\t\t\t\t\t\t\t<div class='evcal_evdata_cell'>\t\t\t\t\t\t\t\r\n\t\t\t\t\t\t\t\t<h3 class='evo_h3'>Horaire<\/h3><p>(Dimanche) 14 h 30 min - 18 h 00 min<\/p>\r\n\t\t\t\t\t\t\t<\/div>\r\n\t\t\t\t\t\t<div class='evcal_evdata_row evcal_close' title=' Fermer bouton \u00e9v\u00e9nement'><\/div><\/div><\/div><div class='clear end'><\/div><\/div><div id=\"event_15523\" class=\"eventon_list_event event\" data-event_id=\"15523\" data-colr=\"#206177\" itemscope itemtype='http:\/\/schema.org\/Event'><div class=\"evo_event_schema\" style=\"display:none\" >\r\n\t\t\t\t\t\t\t<a href=\"http:\/\/fortdeleveau.fr\/en\/events\/ouverture-dimanche-26-octobre-2026\/\" itemprop=\"url\"><\/a>\t\t\t\t\r\n\t\t\t\t\t\t\t<time itemprop=\"startDate\" datetime=\"2026-10-25\"><\/time>\r\n\t\t\t\t\t\t\t<time itemprop=\"endDate\" datetime=\"2026-10-25\"><\/time><\/div>\r\n\t\t\t\t<a data-gmap_status=\"null\" data-gmtrig=\"1\" data-exlk=\"0\" style=\"border-color: #206177;\" id=\"evc_179293860015523\" class=\"desc_trig sin_val evcal_list_a\" data-ux_val=\"1\" ><span class='evcal_cblock' data-bgcolor='#206177' data-smon='octobre' data-syr='2026'><em class='evo_date' ><span class=\"start\">25<em>oct<\/em><\/span><\/em><em class='evo_time'><span class='start'>14 h 30 min<\/span><span class='end'>- 18 h 00 min<\/span><\/em><em class='clear'><\/em><\/span><span class='evcal_desc evo_info '  data-location_status=\"false\" ><span class='evcal_desc2 evcal_event_title' itemprop='name'>Ouverture dimanche 26 octobre 2026<\/span><span class='evcal_desc_info' ><\/span><span class='evcal_desc3'><\/span><\/span><em class='clear'><\/em><\/a><div class='event_description evcal_eventcard ' style=\"display:none\"><div class='evo_metarow_details evorow evcal_evdata_row bordb evcal_event_details'>\r\n\t\t\t\t\t\t\t<div class=\"event_excerpt\" style=\"display:none\"><h3 class=\"padb5 evo_h3\">D\u00e9tail de l&#039;\u00e9venement<\/h3><p><\/p><\/div>\r\n\t\t\t\t\t\t\t<span class='evcal_evdata_icons'><i class='fa fa-align-justify'><\/i><\/span>\r\n\t\t\t\t\t\t\t<div class='evcal_evdata_cell '><div class='eventon_full_description'>\r\n\t\t\t\t\t\t\t\t\t<h3 class='padb5 evo_h3'>D\u00e9tail de l&#039;\u00e9venement<\/h3><div class='eventon_desc_in' itemprop='description'>\r\n\t\t\t\t\t\t\t\t\t<p>Ce dimanche, le fort sera ouvert de 14h30 \u00e0 18h.<\/p>\n<p>&nbsp;<\/p>\n<p><a href=\"http:\/\/fortdeleveau.fr\/wp-content\/uploads\/2025\/04\/487205274_1269599891672798_2010602352851269736_n.jpg\"><img loading=\"lazy\" class=\"alignnone size-large wp-image-15378\" src=\"http:\/\/fortdeleveau.fr\/wp-content\/uploads\/2025\/04\/487205274_1269599891672798_2010602352851269736_n-1024x858.jpg\" alt=\"\" width=\"1024\" height=\"858\" srcset=\"http:\/\/fortdeleveau.fr\/wp-content\/uploads\/2025\/04\/487205274_1269599891672798_2010602352851269736_n-1024x858.jpg 1024w, http:\/\/fortdeleveau.fr\/wp-content\/uploads\/2025\/04\/487205274_1269599891672798_2010602352851269736_n-300x252.jpg 300w, http:\/\/fortdeleveau.fr\/wp-content\/uploads\/2025\/04\/487205274_1269599891672798_2010602352851269736_n-768x644.jpg 768w, http:\/\/fortdeleveau.fr\/wp-content\/uploads\/2025\/04\/487205274_1269599891672798_2010602352851269736_n-1536x1288.jpg 1536w, http:\/\/fortdeleveau.fr\/wp-content\/uploads\/2025\/04\/487205274_1269599891672798_2010602352851269736_n-700x587.jpg 700w, http:\/\/fortdeleveau.fr\/wp-content\/uploads\/2025\/04\/487205274_1269599891672798_2010602352851269736_n.jpg 1763w\" sizes=\"(max-width: 1024px) 100vw, 1024px\" \/><\/a><\/p>\n <\/div><div class='clear'><\/div>\r\n\r\n\t\t\t\t\t\t\t\t<\/div>\r\n\t\t\t\t\t\t\t<\/div>\r\n\t\t\t\t\t\t<\/div><div class='evo_metarow_time evorow evcal_evdata_row bordb evcal_evrow_sm  lastrow'>\r\n\t\t\t\t\t\t\t<span class='evcal_evdata_icons'><i class='fa fa-clock-o'><\/i><\/span>\r\n\t\t\t\t\t\t\t<div class='evcal_evdata_cell'>\t\t\t\t\t\t\t\r\n\t\t\t\t\t\t\t\t<h3 class='evo_h3'>Horaire<\/h3><p>(Dimanche) 14 h 30 min - 18 h 00 min<\/p>\r\n\t\t\t\t\t\t\t<\/div>\r\n\t\t\t\t\t\t<div class='evcal_evdata_row evcal_close' title=' Fermer bouton \u00e9v\u00e9nement'><\/div><\/div><\/div><div class='clear end'><\/div><\/div><\/div><div class='evcal_month_line'><p>novembre 2026<\/p><\/div><div id='evcal_list' class='eventon_events_list'><div id=\"event_15524\" class=\"eventon_list_event event\" data-event_id=\"15524\" data-colr=\"#206177\" itemscope itemtype='http:\/\/schema.org\/Event'><div class=\"evo_event_schema\" style=\"display:none\" >\r\n\t\t\t\t\t\t\t<a href=\"http:\/\/fortdeleveau.fr\/en\/events\/ouverture-11-novembre-2026\/\" itemprop=\"url\"><\/a>\t\t\t\t\r\n\t\t\t\t\t\t\t<time itemprop=\"startDate\" datetime=\"2026-11-11\"><\/time>\r\n\t\t\t\t\t\t\t<time itemprop=\"endDate\" datetime=\"2026-11-11\"><\/time><\/div>\r\n\t\t\t\t<a data-gmap_status=\"null\" data-gmtrig=\"1\" data-exlk=\"0\" style=\"border-color: #206177;\" id=\"evc_179440560015524\" class=\"desc_trig sin_val evcal_list_a\" data-ux_val=\"1\" ><span class='evcal_cblock' data-bgcolor='#206177' data-smon='novembre' data-syr='2026'><em class='evo_date' ><span class=\"start\">11<em>nov<\/em><\/span><\/em><em class='evo_time'><span class='start'>14 h 00 min<\/span><span class='end'>- 18 h 00 min<\/span><\/em><em class='clear'><\/em><\/span><span class='evcal_desc evo_info '  data-location_status=\"false\" ><span class='evcal_desc2 evcal_event_title' itemprop='name'>Ouverture 11 novembre 2026<\/span><span class='evcal_desc_info' ><\/span><span class='evcal_desc3'><\/span><\/span><em class='clear'><\/em><\/a><div class='event_description evcal_eventcard ' style=\"display:none\"><div class='evo_metarow_details evorow evcal_evdata_row bordb evcal_event_details'>\r\n\t\t\t\t\t\t\t<div class=\"event_excerpt\" style=\"display:none\"><h3 class=\"padb5 evo_h3\">D\u00e9tail de l&#039;\u00e9venement<\/h3><p><\/p><\/div>\r\n\t\t\t\t\t\t\t<span class='evcal_evdata_icons'><i class='fa fa-align-justify'><\/i><\/span>\r\n\t\t\t\t\t\t\t<div class='evcal_evdata_cell '><div class='eventon_full_description'>\r\n\t\t\t\t\t\t\t\t\t<h3 class='padb5 evo_h3'>D\u00e9tail de l&#039;\u00e9venement<\/h3><div class='eventon_desc_in' itemprop='description'>\r\n\t\t\t\t\t\t\t\t\t<p>A l&#8217;occasion de la comm\u00e9moration de l&#8217;armistice de 1918, le fort sera ouvert ce 11 novembre de 10h \u00e0 18h.<\/p>\n<p>&nbsp;<\/p>\n<p>&nbsp;<\/p>\n <\/div><div class='clear'><\/div>\r\n\r\n\t\t\t\t\t\t\t\t<\/div>\r\n\t\t\t\t\t\t\t<\/div>\r\n\t\t\t\t\t\t<\/div><div class='evo_metarow_time evorow evcal_evdata_row bordb evcal_evrow_sm  lastrow'>\r\n\t\t\t\t\t\t\t<span class='evcal_evdata_icons'><i class='fa fa-clock-o'><\/i><\/span>\r\n\t\t\t\t\t\t\t<div class='evcal_evdata_cell'>\t\t\t\t\t\t\t\r\n\t\t\t\t\t\t\t\t<h3 class='evo_h3'>Horaire<\/h3><p>(Mercredi) 14 h 00 min - 18 h 00 min<\/p>\r\n\t\t\t\t\t\t\t<\/div>\r\n\t\t\t\t\t\t<div class='evcal_evdata_row evcal_close' title=' Fermer bouton \u00e9v\u00e9nement'><\/div><\/div><\/div><div class='clear end'><\/div><\/div><\/div><div class='clear'><\/div><\/div>[\/vc_column_text][vc_separator type=&#8221;transparent&#8221; up=&#8221;450&#8243; up_style=&#8221;px&#8221; down_style=&#8221;px&#8221;][\/vc_column_inner][vc_column_inner width=&#8221;1\/6&#8243;][\/vc_column_inner][\/vc_row_inner][\/vc_column][\/vc_row]<\/p>\n ","protected":false},"excerpt":{"rendered":"<p>[vc_row row_type=&#8221;parallax&#8221; type=&#8221;grid&#8221; text_align=&#8221;left&#8221; background_image=&#8221;11832&#8243; full_screen_section_height=&#8221;no&#8221;][vc_column][vc_separator type=&#8221;transparent&#8221; up=&#8221;20&#8243; up_style=&#8221;px&#8221; down_style=&#8221;px&#8221;][vc_column_text][\/vc_column_text][vc_row_inner row_type=&#8221;row&#8221; type=&#8221;full_width&#8221; use_row_as_full_screen_section_slide=&#8221;no&#8221; text_align=&#8221;left&#8221; css_animation=&#8221;&#8221; box_shadow_on_row=&#8221;no&#8221;][vc_column_inner width=&#8221;1\/6&#8243;][\/vc_column_inner][vc_column_inner width=&#8221;2\/3&#8243;][vc_separator type=&#8221;normal&#8221; color=&#8221;#242424&#8243; border_style=&#8221;solid&#8221; thickness=&#8221;2&#8243; up=&#8221;0&#8243; up_style=&#8221;px&#8221; down=&#8221;10&#8243; down_style=&#8221;px&#8221;][vc_column_text][\/vc_column_text][vc_separator type=&#8221;transparent&#8221; up=&#8221;450&#8243; up_style=&#8221;px&#8221; down_style=&#8221;px&#8221;][\/vc_column_inner][vc_column_inner width=&#8221;1\/6&#8243;][\/vc_column_inner][\/vc_row_inner][\/vc_column][\/vc_row]<\/p>\n","protected":false},"author":1,"featured_media":0,"parent":0,"menu_order":0,"comment_status":"closed","ping_status":"closed","template":"full_width.php","meta":[],"acf":false,"_links":{"self":[{"href":"http:\/\/fortdeleveau.fr\/en\/wp-json\/wp\/v2\/pages\/14561"}],"collection":[{"href":"http:\/\/fortdeleveau.fr\/en\/wp-json\/wp\/v2\/pages"}],"about":[{"href":"http:\/\/fortdeleveau.fr\/en\/wp-json\/wp\/v2\/types\/page"}],"author":[{"embeddable":true,"href":"http:\/\/fortdeleveau.fr\/en\/wp-json\/wp\/v2\/users\/1"}],"replies":[{"embeddable":true,"href":"http:\/\/fortdeleveau.fr\/en\/wp-json\/wp\/v2\/comments?post=14561"}],"version-history":[{"count":4,"href":"http:\/\/fortdeleveau.fr\/en\/wp-json\/wp\/v2\/pages\/14561\/revisions"}],"predecessor-version":[{"id":14834,"href":"http:\/\/fortdeleveau.fr\/en\/wp-json\/wp\/v2\/pages\/14561\/revisions\/14834"}],"wp:attachment":[{"href":"http:\/\/fortdeleveau.fr\/en\/wp-json\/wp\/v2\/media?parent=14561"}],"curies":[{"name":"wp","href":"https:\/\/api.w.org\/{rel}","templated":true}]}}